{"id":9821,"date":"2017-03-26T16:19:26","date_gmt":"2017-03-26T14:19:26","guid":{"rendered":"https:\/\/www.cgsg.ch\/?page_id=9821"},"modified":"2026-03-24T19:57:17","modified_gmt":"2026-03-24T18:57:17","slug":"panorama-aktuell-2","status":"publish","type":"page","link":"https:\/\/www.cgsg.ch\/?page_id=9821","title":{"rendered":"Panorama AKTUELL"},"content":{"rendered":"\t\t<div data-elementor-type=\"wp-page\" data-elementor-id=\"9821\" class=\"elementor elementor-9821\">\n\t\t\t\t<div class=\"elementor-element elementor-element-4b60705a e-flex e-con-boxed e-con e-parent\" data-id=\"4b60705a\" data-element_type=\"container\" data-e-type=\"container\">\n\t\t\t\t\t<div class=\"e-con-inner\">\n\t\t\t\t<div class=\"elementor-element elementor-element-4619d09b elementor-widget elementor-widget-text-editor\" data-id=\"4619d09b\" data-element_type=\"widget\" data-e-type=\"widget\" data-widget_type=\"text-editor.default\">\n\t\t\t\t<div class=\"elementor-widget-container\">\n\t\t\t\t\t\t\t\t\t<h5>I<strong>nformationen zum Saisonbeginn 2026<\/strong><\/h5>\n<p>Gesch\u00e4tzte Camperinnen und Camper<\/p>\n<p class=\"p1\">Die <strong>sanit\u00e4ren Anlagen im Hauptgeb\u00e4ude<\/strong> werden am <strong>28. M\u00e4rz 2026<\/strong> ge\u00f6ffnet.<\/p>\n<p class=\"p1\">Das Wasser ist auf den Parzellen seit dem 24. M\u00e4rz 2026 eingestellt.<\/p>\n<p class=\"p1\">Aktuelle Informationen finden Sie auf unserer Homepage!<\/p>\n<p class=\"p1\"><b>Kiosk\/Restaurant Panorama<\/b><\/p>\n<p class=\"p1\">Unser P\u00e4chter-Paar Pat und Kim Yoo-Sang starten ihre zweite Saison und freuen sich schon\u00a0jetzt, ihre G\u00e4ste ab dem 28. M\u00e4rz 2026 bewirten zu d\u00fcrfen.<\/p>\n<p>Urs Niedermann<br \/>Ressort Bau &#8211; Panorama<\/p>\n<p>Moritz Gisler<br \/>Platzwart Panorama<\/p>\n<p>\u00a0<\/p>\n<hr \/>\n<h5><strong>Die Organisatoren freuen sich \u00fcber eine grosse Beteiligung an den n\u00e4chsten Veranstaltungen<\/strong><\/h5>\n<p><div class=\"em em-view-container\" id=\"em-view-649724148\" data-view=\"list\">\r\n\t<div class=\"em pixelbones em-list em-events-list\" id=\"em-events-list-649724148\" data-view-id=\"649724148\">\r\n\t<table cellpadding=\"0\" cellspacing=\"0\" class=\"events-table\" >\r\n    <thead>\r\n        <tr>\r\n\t\t\t<th class=\"event-time\" width=\"200\">Datum\/Zeit<\/th>\r\n\t\t\t<th class=\"event-description\" width=\"*\">Anlass<\/th>\r\n\t\t<\/tr>\r\n   \t<\/thead>\r\n    <tbody><tr>\r\n\t\t\t<td>\r\n                <strong>Sa. 23.05.26<\/strong><br\/>\r\n                10:30 &#8211; 17:00\r\n            <\/td>\r\n            <td>\r\n                <a href=\"https:\/\/www.cgsg.ch\/?event=velotour-4\">Velotour<\/a>\r\n                <br\/><i>Camping Panorama, Altnau Thurgau<\/i>\r\n            <\/td>\r\n        <\/tr><tr>\r\n\t\t\t<td>\r\n                <strong>Sa. 06.06.26<\/strong><br\/>\r\n                9:00 &#8211; 16:00\r\n            <\/td>\r\n            <td>\r\n                <a href=\"https:\/\/www.cgsg.ch\/?event=bouleturnier-5\">Bouleturnier<\/a>\r\n                <br\/><i>Camping Panorama, Altnau Thurgau<\/i>\r\n            <\/td>\r\n        <\/tr><tr>\r\n\t\t\t<td>\r\n                <strong>So. 21.06.26<\/strong><br\/>\r\n                11:00 &#8211; 12:00\r\n            <\/td>\r\n            <td>\r\n                <a href=\"https:\/\/www.cgsg.ch\/?event=oekumenischer-gottesdienst-9\">\u00d6kumenischer Gottesdienst<\/a>\r\n                <br\/><i>Camping Panorama, Altnau Thurgau<\/i>\r\n            <\/td>\r\n        <\/tr><\/tbody><\/table>\t<\/div>\r\n<\/div><\/p>\n<p><\/p>\t\t\t\t\t\t\t\t<\/div>\n\t\t\t\t<\/div>\n\t\t<div class=\"elementor-element elementor-element-92bd601 e-con-full e-flex e-con e-child\" data-id=\"92bd601\" data-element_type=\"container\" data-e-type=\"container\">\n\t\t\t\t<div class=\"elementor-element elementor-element-8c129df elementor-widget elementor-widget-wp-widget-recent-posts\" data-id=\"8c129df\" data-element_type=\"widget\" data-e-type=\"widget\" data-widget_type=\"wp-widget-recent-posts.default\">\n\t\t\t\t<div class=\"elementor-widget-container\">\n\t\t\t\t\t\n\t\t\n\t\t<h5>Neueste Beitr\u00e4ge<\/h5>\n\t\t<ul>\n\t\t\t\t\t\t\t\t\t\t\t<li>\n\t\t\t\t\t<a href=\"https:\/\/www.cgsg.ch\/?p=16722\">Faustball-Turnier in G\u00fcttingen am 25. April 2026<\/a>\n\t\t\t\t\t\t\t\t\t\t\t<span class=\"post-date\">14.04.26<\/span>\n\t\t\t\t\t\t\t\t\t<\/li>\n\t\t\t\t\t\t\t\t\t\t\t<li>\n\t\t\t\t\t<a href=\"https:\/\/www.cgsg.ch\/?p=16719\">Information zur Mieterversammlung Panorama<\/a>\n\t\t\t\t\t\t\t\t\t\t\t<span class=\"post-date\">14.04.26<\/span>\n\t\t\t\t\t\t\t\t\t<\/li>\n\t\t\t\t\t\t\t\t\t\t\t<li>\n\t\t\t\t\t<a href=\"https:\/\/www.cgsg.ch\/?p=16686\">Wasser auf s\u00e4mtlichen Parzellen verf\u00fcgbar &#8211; Panorama<\/a>\n\t\t\t\t\t\t\t\t\t\t\t<span class=\"post-date\">24.03.26<\/span>\n\t\t\t\t\t\t\t\t\t<\/li>\n\t\t\t\t\t\t\t\t\t\t\t<li>\n\t\t\t\t\t<a href=\"https:\/\/www.cgsg.ch\/?p=16677\">Wasser auf s\u00e4mtlichen Parzellen verf\u00fcgbar &#8211; Idyll<\/a>\n\t\t\t\t\t\t\t\t\t\t\t<span class=\"post-date\">19.03.26<\/span>\n\t\t\t\t\t\t\t\t\t<\/li>\n\t\t\t\t\t\t\t\t\t\t\t<li>\n\t\t\t\t\t<a href=\"https:\/\/www.cgsg.ch\/?p=16655\">Seeuferreinigung Panorama<\/a>\n\t\t\t\t\t\t\t\t\t\t\t<span class=\"post-date\">07.03.26<\/span>\n\t\t\t\t\t\t\t\t\t<\/li>\n\t\t\t\t\t\t\t\t\t\t\t<li>\n\t\t\t\t\t<a href=\"https:\/\/www.cgsg.ch\/?p=16645\">Gaskontrolle 2026 auf Campingplatz Idyll<\/a>\n\t\t\t\t\t\t\t\t\t\t\t<span class=\"post-date\">28.02.26<\/span>\n\t\t\t\t\t\t\t\t\t<\/li>\n\t\t\t\t\t\t\t\t\t\t\t<li>\n\t\t\t\t\t<a href=\"https:\/\/www.cgsg.ch\/?p=16642\">Fr\u00fchlingsbriefe 2026<\/a>\n\t\t\t\t\t\t\t\t\t\t\t<span class=\"post-date\">28.02.26<\/span>\n\t\t\t\t\t\t\t\t\t<\/li>\n\t\t\t\t\t\t\t\t\t\t\t<li>\n\t\t\t\t\t<a href=\"https:\/\/www.cgsg.ch\/?p=16618\">Veranstaltungsprogramm 2026 &#8211; Panorama<\/a>\n\t\t\t\t\t\t\t\t\t\t\t<span class=\"post-date\">25.02.26<\/span>\n\t\t\t\t\t\t\t\t\t<\/li>\n\t\t\t\t\t<\/ul>\n\n\t\t\t\t\t\t<\/div>\n\t\t\t\t<\/div>\n\t\t\t\t<\/div>\n\t\t\t\t\t<\/div>\n\t\t\t\t<\/div>\n\t\t\t\t<\/div>\n\t\t","protected":false},"excerpt":{"rendered":"<p>Informationen zum Saisonbeginn 2026 Gesch\u00e4tzte Camperinnen und Camper Die sanit\u00e4ren Anlagen im Hauptgeb\u00e4ude werden am 28. M\u00e4rz 2026 ge\u00f6ffnet. Das Wasser ist auf den Parzellen seit dem 24. M\u00e4rz 2026 eingestellt. Aktuelle Informationen finden Sie auf unserer Homepage! Kiosk\/Restaurant Panorama&hellip; <\/p>\n","protected":false},"author":2,"featured_media":0,"parent":289,"menu_order":0,"comment_status":"closed","ping_status":"closed","template":"","meta":{"ngg_post_thumbnail":0,"footnotes":""},"class_list":["post-9821","page","type-page","status-publish","hentry"],"_links":{"self":[{"href":"https:\/\/www.cgsg.ch\/index.php?rest_route=\/wp\/v2\/pages\/9821","targetHints":{"allow":["GET"]}}],"collection":[{"href":"https:\/\/www.cgsg.ch\/index.php?rest_route=\/wp\/v2\/pages"}],"about":[{"href":"https:\/\/www.cgsg.ch\/index.php?rest_route=\/wp\/v2\/types\/page"}],"author":[{"embeddable":true,"href":"https:\/\/www.cgsg.ch\/index.php?rest_route=\/wp\/v2\/users\/2"}],"replies":[{"embeddable":true,"href":"https:\/\/www.cgsg.ch\/index.php?rest_route=%2Fwp%2Fv2%2Fcomments&post=9821"}],"version-history":[{"count":233,"href":"https:\/\/www.cgsg.ch\/index.php?rest_route=\/wp\/v2\/pages\/9821\/revisions"}],"predecessor-version":[{"id":16697,"href":"https:\/\/www.cgsg.ch\/index.php?rest_route=\/wp\/v2\/pages\/9821\/revisions\/16697"}],"up":[{"embeddable":true,"href":"https:\/\/www.cgsg.ch\/index.php?rest_route=\/wp\/v2\/pages\/289"}],"wp:attachment":[{"href":"https:\/\/www.cgsg.ch\/index.php?rest_route=%2Fwp%2Fv2%2Fmedia&parent=9821"}],"curies":[{"name":"wp","href":"https:\/\/api.w.org\/{rel}","templated":true}]}}