{"id":2378,"date":"2014-09-29T17:51:32","date_gmt":"2014-09-29T15:51:32","guid":{"rendered":"https:\/\/www.cgsg.ch\/?page_id=2378"},"modified":"2026-02-25T22:17:11","modified_gmt":"2026-02-25T21:17:11","slug":"kiosk","status":"publish","type":"page","link":"https:\/\/www.cgsg.ch\/?page_id=2378","title":{"rendered":"Restaurant &#8211; Kiosk"},"content":{"rendered":"\t\t<div data-elementor-type=\"wp-page\" data-elementor-id=\"2378\" class=\"elementor elementor-2378\">\n\t\t\t\t<div class=\"elementor-element elementor-element-708efde4 e-flex e-con-boxed e-con e-parent\" data-id=\"708efde4\" data-element_type=\"container\" data-e-type=\"container\">\n\t\t\t\t\t<div class=\"e-con-inner\">\n\t\t\t\t<div class=\"elementor-element elementor-element-2e2e3069 elementor-widget elementor-widget-text-editor\" data-id=\"2e2e3069\" data-element_type=\"widget\" data-e-type=\"widget\" data-widget_type=\"text-editor.default\">\n\t\t\t\t<div class=\"elementor-widget-container\">\n\t\t\t\t\t\t\t\t\t<p><span style=\"color: revert; font-size: revert; font-weight: revert;\">Gesch\u00e4tzte G\u00e4ste<\/span><\/p>\n<p>Wir freuen uns, Euch ab dem 21. M\u00e4rz 2026 wieder bei uns auf &#8222;Idyll&#8220; begr\u00fcssen zu d\u00fcrfen.<\/p>\n<p><a href=\"https:\/\/www.cgsg.ch\/wp-content\/uploads\/2026\/02\/Idyll_Menuekarte-2026_komplett.pdf\">Men\u00fckarte Idyll<\/a><\/p>\n<div>\n<h3><span style=\"color: #000000;\">Euer Idyll Team<\/span><\/h3>\n<\/div>\n<p><\/p>\n<p><\/p>\t\t\t\t\t\t\t\t<\/div>\n\t\t\t\t<\/div>\n\t\t\t\t\t<\/div>\n\t\t\t\t<\/div>\n\t\t<div class=\"elementor-element elementor-element-1084326 e-flex e-con-boxed e-con e-parent\" data-id=\"1084326\" data-element_type=\"container\" data-e-type=\"container\">\n\t\t\t\t\t<div class=\"e-con-inner\">\n\t\t\t\t<div class=\"elementor-element elementor-element-3196fcf elementor-widget elementor-widget-button\" data-id=\"3196fcf\" data-element_type=\"widget\" data-e-type=\"widget\" data-widget_type=\"button.default\">\n\t\t\t\t<div class=\"elementor-widget-container\">\n\t\t\t\t\t\t\t\t\t<div class=\"elementor-button-wrapper\">\n\t\t\t\t\t<a class=\"elementor-button elementor-button-link elementor-size-sm\" href=\"https:\/\/camping-idyll.ch\/\">\n\t\t\t\t\t\t<span class=\"elementor-button-content-wrapper\">\n\t\t\t\t\t\t\t\t\t<span class=\"elementor-button-text\">Jetzt buchen und geniessen! &gt;&gt;&gt;<\/span>\n\t\t\t\t\t<\/span>\n\t\t\t\t\t<\/a>\n\t\t\t\t<\/div>\n\t\t\t\t\t\t\t\t<\/div>\n\t\t\t\t<\/div>\n\t\t\t\t\t<\/div>\n\t\t\t\t<\/div>\n\t\t\t\t<\/div>\n\t\t","protected":false},"excerpt":{"rendered":"<p>Gesch\u00e4tzte G\u00e4ste Wir freuen uns, Euch ab dem 21. M\u00e4rz 2026 wieder bei uns auf &#8222;Idyll&#8220; begr\u00fcssen zu d\u00fcrfen. Men\u00fckarte Idyll Euer Idyll Team Jetzt buchen und geniessen! &gt;&gt;&gt;<\/p>\n","protected":false},"author":2,"featured_media":0,"parent":291,"menu_order":0,"comment_status":"closed","ping_status":"closed","template":"","meta":{"ngg_post_thumbnail":0,"footnotes":""},"class_list":["post-2378","page","type-page","status-publish","hentry"],"_links":{"self":[{"href":"https:\/\/www.cgsg.ch\/index.php?rest_route=\/wp\/v2\/pages\/2378","targetHints":{"allow":["GET"]}}],"collection":[{"href":"https:\/\/www.cgsg.ch\/index.php?rest_route=\/wp\/v2\/pages"}],"about":[{"href":"https:\/\/www.cgsg.ch\/index.php?rest_route=\/wp\/v2\/types\/page"}],"author":[{"embeddable":true,"href":"https:\/\/www.cgsg.ch\/index.php?rest_route=\/wp\/v2\/users\/2"}],"replies":[{"embeddable":true,"href":"https:\/\/www.cgsg.ch\/index.php?rest_route=%2Fwp%2Fv2%2Fcomments&post=2378"}],"version-history":[{"count":88,"href":"https:\/\/www.cgsg.ch\/index.php?rest_route=\/wp\/v2\/pages\/2378\/revisions"}],"predecessor-version":[{"id":16632,"href":"https:\/\/www.cgsg.ch\/index.php?rest_route=\/wp\/v2\/pages\/2378\/revisions\/16632"}],"up":[{"embeddable":true,"href":"https:\/\/www.cgsg.ch\/index.php?rest_route=\/wp\/v2\/pages\/291"}],"wp:attachment":[{"href":"https:\/\/www.cgsg.ch\/index.php?rest_route=%2Fwp%2Fv2%2Fmedia&parent=2378"}],"curies":[{"name":"wp","href":"https:\/\/api.w.org\/{rel}","templated":true}]}}